{"id":3733,"date":"2019-11-04T13:34:37","date_gmt":"2019-11-04T11:34:37","guid":{"rendered":"https:\/\/lyy.fi\/tapahtuma\/ainejarjestoilta-2019-radio-sateily\/"},"modified":"2019-11-04T13:34:37","modified_gmt":"2019-11-04T11:34:37","slug":"ainejarjestoilta-2019-radio-sateily","status":"publish","type":"tribe_events","link":"https:\/\/lyy.iwn.co\/en\/tapahtuma\/ainejarjestoilta-2019-radio-sateily\/2019-11-05\/","title":{"rendered":"Ainej\u00e4rjest\u00f6ilta 2019 \/\/ Radio S\u00e4teily"},"content":{"rendered":"<p>Radio S\u00e4teily kutsuu ainej\u00e4rjest\u00f6t Ainej\u00e4rjest\u00f6iltaan!<\/p>\n<p>Toista kertaa j\u00e4rjestett\u00e4v\u00e4 Ainej\u00e4rjest\u00f6ilta on S\u00e4teilyn asiapitoisin asiaohjelma. Opiskelijaradiossa puhutaan nyt pelk\u00e4st\u00e4\u00e4n opiskelijoiden asioista ainej\u00e4rjest\u00f6jen kanssa. Kolmetuntisessa ohjelmassa p\u00e4\u00e4st\u00e4\u00e4n kuulemaan kaikkien ainej\u00e4rjest\u00f6jen edustajia ja kysyt\u00e4\u00e4n polttavimpia kysymyksi\u00e4.<\/p>\n<p>Ainej\u00e4rjest\u00f6illan ajat ja teemat ovat seuraavat:<br \/>\nTiistai 5.11. kello 18-22 \u2013 Ainej\u00e4rjest\u00f6vaikuttaminen, edari<br \/>\nTiistai 12.11. kello 18-22 \u2013 Miksi kannattaa olla ainej\u00e4rjest\u00f6aktiivi?<br \/>\nTiistai 19.11. kello 18-22 \u2013 Opiskelijan mielenterveys ja hyvinvointi<\/p>\n<p>Kuuntele taajuudella 89,00Mhz tai osoitteessa www.radiosateily.fi\/kuuntele.<\/p>\n","protected":false},"excerpt":{"rendered":"<p>Radio S\u00e4teily kutsuu ainej\u00e4rjest\u00f6t Ainej\u00e4rjest\u00f6iltaan! Toista kertaa j\u00e4rjestett\u00e4v\u00e4 Ainej\u00e4rjest\u00f6ilta on S\u00e4teilyn asiapitoisin asiaohjelma. Opiskelijaradiossa puhutaan nyt pelk\u00e4st\u00e4\u00e4n opiskelijoiden asioista ainej\u00e4rjest\u00f6jen kanssa. Kolmetuntisessa ohjelmassa p\u00e4\u00e4st\u00e4\u00e4n kuulemaan kaikkien ainej\u00e4rjest\u00f6jen edustajia ja kysyt\u00e4\u00e4n polttavimpia kysymyksi\u00e4. Ainej\u00e4rjest\u00f6illan ajat ja teemat ovat seuraavat: Tiistai 5.11. kello 18-22 \u2013 Ainej\u00e4rjest\u00f6vaikuttaminen, edari Tiistai 12.11. kello 18-22 \u2013 Miksi kannattaa olla ainej\u00e4rjest\u00f6aktiivi? Tiistai &#8230; <a title=\"Ainej\u00e4rjest\u00f6ilta 2019 \/\/ Radio S\u00e4teily\" class=\"read-more\" href=\"https:\/\/lyy.iwn.co\/en\/tapahtuma\/ainejarjestoilta-2019-radio-sateily\/2019-11-05\/\" aria-label=\"Read more about Ainej\u00e4rjest\u00f6ilta 2019 \/\/ Radio S\u00e4teily\">Read more<\/a><\/p>\n","protected":false},"author":0,"featured_media":3737,"template":"","meta":{"_acf_changed":false,"_uag_custom_page_level_css":"","_price":"","_stock":"","_tribe_ticket_header":"","_tribe_default_ticket_provider":"","_tribe_ticket_capacity":"0","_ticket_start_date":"","_ticket_end_date":"","_tribe_ticket_show_description":"","_tribe_ticket_show_not_going":false,"_tribe_ticket_use_global_stock":"","_tribe_ticket_global_stock_level":"","_global_stock_mode":"","_global_stock_cap":"","_tribe_rsvp_for_event":"","_tribe_ticket_going_count":"","_tribe_ticket_not_going_count":"","_tribe_tickets_list":"[]","_tribe_ticket_has_attendee_info_fields":false,"_EventAllDay":false,"_EventTimezone":"Europe\/Helsinki","_EventStartDate":"2019-11-05 18:00:00","_EventEndDate":"2019-11-05 22:00:00","_EventStartDateUTC":"2019-11-05 16:00:00","_EventEndDateUTC":"2019-11-05 20:00:00","_EventShowMap":true,"_EventShowMapLink":true,"_EventURL":"https:\/\/www.facebook.com\/events\/1130464740676849\/","_EventCost":"","_EventCostDescription":"","_EventCurrencySymbol":"","_EventCurrencyCode":"","_EventCurrencyPosition":"","_EventDateTimeSeparator":"","_EventTimeRangeSeparator":"","_EventOrganizerID":[3734],"_EventVenueID":[],"_OrganizerEmail":"","_OrganizerPhone":"","_OrganizerWebsite":"","_VenueAddress":"","_VenueCity":"","_VenueCountry":"","_VenueProvince":"","_VenueState":"","_VenueZip":"","_VenuePhone":"","_VenueURL":"","_VenueStateProvince":"","_VenueLat":"","_VenueLng":"","_VenueShowMap":false,"_VenueShowMapLink":false,"_tribe_blocks_recurrence_rules":"[{\"all_day\":false,\"multi_day\":false,\"type\":\"weekly\",\"limit_type\":\"date\",\"limit\":\"2019-11-19\",\"_limit_date_input\":\"November 19, 2019\",\"between\":1,\"start_time\":\"18:00:00\",\"end_time\":\"22:00:00\",\"days\":[2]}]","_tribe_blocks_recurrence_description":"","_tribe_blocks_recurrence_exclusions":"","_tribe_events_status":"","_tribe_events_status_reason":"","_tribe_events_is_hybrid":"","_tribe_events_is_virtual":"","_tribe_events_virtual_video_source":"","_tribe_events_virtual_embed_video":"","_tribe_events_virtual_linked_button_text":"","_tribe_events_virtual_linked_button":"","_tribe_events_virtual_show_embed_at":"","_tribe_events_virtual_show_embed_to":[],"_tribe_events_virtual_show_on_event":"","_tribe_events_virtual_show_on_views":"","_tribe_events_virtual_url":"","footnotes":"","_tec_slr_enabled":"","_tec_slr_layout":""},"tags":[],"tribe_events_cat":[],"class_list":["post-3733","tribe_events","type-tribe_events","status-publish","has-post-thumbnail","hentry","tribe-recurring-event","tribe-recurring-event-parent"],"acf":[],"yoast_head":"<!-- This site is optimized with the Yoast SEO plugin v27.4 - https:\/\/yoast.com\/product\/yoast-seo-wordpress\/ -->\n<title>Ainej\u00e4rjest\u00f6ilta 2019 \/\/ Radio S\u00e4teily - LYY<\/title>\n<meta name=\"robots\" content=\"noindex, follow, max-snippet:-1, max-image-preview:large, max-video-preview:-1\" \/>\n<meta property=\"og:locale\" content=\"en_US\" \/>\n<meta property=\"og:type\" content=\"article\" \/>\n<meta property=\"og:title\" content=\"Ainej\u00e4rjest\u00f6ilta 2019 \/\/ Radio S\u00e4teily - LYY\" \/>\n<meta property=\"og:description\" content=\"Radio S\u00e4teily kutsuu ainej\u00e4rjest\u00f6t Ainej\u00e4rjest\u00f6iltaan! Toista kertaa j\u00e4rjestett\u00e4v\u00e4 Ainej\u00e4rjest\u00f6ilta on S\u00e4teilyn asiapitoisin asiaohjelma. Opiskelijaradiossa puhutaan nyt pelk\u00e4st\u00e4\u00e4n opiskelijoiden asioista ainej\u00e4rjest\u00f6jen kanssa. Kolmetuntisessa ohjelmassa p\u00e4\u00e4st\u00e4\u00e4n kuulemaan kaikkien ainej\u00e4rjest\u00f6jen edustajia ja kysyt\u00e4\u00e4n polttavimpia kysymyksi\u00e4. Ainej\u00e4rjest\u00f6illan ajat ja teemat ovat seuraavat: Tiistai 5.11. kello 18-22 \u2013 Ainej\u00e4rjest\u00f6vaikuttaminen, edari Tiistai 12.11. kello 18-22 \u2013 Miksi kannattaa olla ainej\u00e4rjest\u00f6aktiivi? Tiistai ... Read more\" \/>\n<meta property=\"og:url\" content=\"https:\/\/lyy.iwn.co\/tapahtuma\/ainejarjestoilta-2019-radio-sateily\/2019-11-05\/\" \/>\n<meta property=\"og:site_name\" content=\"LYY\" \/>\n<meta property=\"article:publisher\" content=\"https:\/\/www.facebook.com\/lapinyliopistonylioppilaskunta\" \/>\n<meta property=\"og:image\" content=\"https:\/\/lyy.iwn.co\/wp-content\/uploads\/2019\/11\/73082291_2211476285625361_1093361492306165760_o.jpg\" \/>\n\t<meta property=\"og:image:width\" content=\"1920\" \/>\n\t<meta property=\"og:image:height\" content=\"1080\" \/>\n\t<meta property=\"og:image:type\" content=\"image\/jpeg\" \/>\n<meta name=\"twitter:card\" content=\"summary_large_image\" \/>\n<meta name=\"twitter:site\" content=\"@lyytweet\" \/>\n<script type=\"application\/ld+json\" class=\"yoast-schema-graph\">{\"@context\":\"https:\\\/\\\/schema.org\",\"@graph\":[{\"@type\":\"WebPage\",\"@id\":\"https:\\\/\\\/lyy.iwn.co\\\/tapahtuma\\\/ainejarjestoilta-2019-radio-sateily\\\/2019-11-05\\\/\",\"url\":\"https:\\\/\\\/lyy.iwn.co\\\/tapahtuma\\\/ainejarjestoilta-2019-radio-sateily\\\/2019-11-05\\\/\",\"name\":\"Ainej\u00e4rjest\u00f6ilta 2019 \\\/\\\/ Radio S\u00e4teily - LYY\",\"isPartOf\":{\"@id\":\"https:\\\/\\\/lyy.iwn.co\\\/#website\"},\"primaryImageOfPage\":{\"@id\":\"https:\\\/\\\/lyy.iwn.co\\\/tapahtuma\\\/ainejarjestoilta-2019-radio-sateily\\\/2019-11-05\\\/#primaryimage\"},\"image\":{\"@id\":\"https:\\\/\\\/lyy.iwn.co\\\/tapahtuma\\\/ainejarjestoilta-2019-radio-sateily\\\/2019-11-05\\\/#primaryimage\"},\"thumbnailUrl\":\"https:\\\/\\\/lyy.iwn.co\\\/wp-content\\\/uploads\\\/2019\\\/11\\\/73082291_2211476285625361_1093361492306165760_o.jpg\",\"datePublished\":\"2019-11-04T11:34:37+00:00\",\"breadcrumb\":{\"@id\":\"https:\\\/\\\/lyy.iwn.co\\\/tapahtuma\\\/ainejarjestoilta-2019-radio-sateily\\\/2019-11-05\\\/#breadcrumb\"},\"inLanguage\":\"en-US\",\"potentialAction\":[{\"@type\":\"ReadAction\",\"target\":[\"https:\\\/\\\/lyy.iwn.co\\\/tapahtuma\\\/ainejarjestoilta-2019-radio-sateily\\\/2019-11-05\\\/\"]}]},{\"@type\":\"ImageObject\",\"inLanguage\":\"en-US\",\"@id\":\"https:\\\/\\\/lyy.iwn.co\\\/tapahtuma\\\/ainejarjestoilta-2019-radio-sateily\\\/2019-11-05\\\/#primaryimage\",\"url\":\"https:\\\/\\\/lyy.iwn.co\\\/wp-content\\\/uploads\\\/2019\\\/11\\\/73082291_2211476285625361_1093361492306165760_o.jpg\",\"contentUrl\":\"https:\\\/\\\/lyy.iwn.co\\\/wp-content\\\/uploads\\\/2019\\\/11\\\/73082291_2211476285625361_1093361492306165760_o.jpg\",\"width\":1920,\"height\":1080},{\"@type\":\"BreadcrumbList\",\"@id\":\"https:\\\/\\\/lyy.iwn.co\\\/tapahtuma\\\/ainejarjestoilta-2019-radio-sateily\\\/2019-11-05\\\/#breadcrumb\",\"itemListElement\":[{\"@type\":\"ListItem\",\"position\":1,\"name\":\"Home\",\"item\":\"https:\\\/\\\/lyy.iwn.co\\\/en\\\/\"},{\"@type\":\"ListItem\",\"position\":2,\"name\":\"Tapahtumat\",\"item\":\"https:\\\/\\\/lyy.iwn.co\\\/tapahtumat\\\/\"},{\"@type\":\"ListItem\",\"position\":3,\"name\":\"Ainej\u00e4rjest\u00f6ilta 2019 \\\/\\\/ Radio S\u00e4teily\"}]},{\"@type\":\"WebSite\",\"@id\":\"https:\\\/\\\/lyy.iwn.co\\\/#website\",\"url\":\"https:\\\/\\\/lyy.iwn.co\\\/\",\"name\":\"LYY\",\"description\":\"Lapin yliopiston ylioppilaskunta\",\"publisher\":{\"@id\":\"https:\\\/\\\/lyy.iwn.co\\\/#organization\"},\"potentialAction\":[{\"@type\":\"SearchAction\",\"target\":{\"@type\":\"EntryPoint\",\"urlTemplate\":\"https:\\\/\\\/lyy.iwn.co\\\/?s={search_term_string}\"},\"query-input\":{\"@type\":\"PropertyValueSpecification\",\"valueRequired\":true,\"valueName\":\"search_term_string\"}}],\"inLanguage\":\"en-US\"},{\"@type\":\"Organization\",\"@id\":\"https:\\\/\\\/lyy.iwn.co\\\/#organization\",\"name\":\"LYY\",\"url\":\"https:\\\/\\\/lyy.iwn.co\\\/\",\"logo\":{\"@type\":\"ImageObject\",\"inLanguage\":\"en-US\",\"@id\":\"https:\\\/\\\/lyy.iwn.co\\\/#\\\/schema\\\/logo\\\/image\\\/\",\"url\":\"https:\\\/\\\/lyy.iwn.co\\\/wp-content\\\/uploads\\\/2025\\\/03\\\/LYY_logo_nelio.jpg\",\"contentUrl\":\"https:\\\/\\\/lyy.iwn.co\\\/wp-content\\\/uploads\\\/2025\\\/03\\\/LYY_logo_nelio.jpg\",\"width\":225,\"height\":204,\"caption\":\"LYY\"},\"image\":{\"@id\":\"https:\\\/\\\/lyy.iwn.co\\\/#\\\/schema\\\/logo\\\/image\\\/\"},\"sameAs\":[\"https:\\\/\\\/www.facebook.com\\\/lapinyliopistonylioppilaskunta\",\"https:\\\/\\\/x.com\\\/lyytweet\",\"https:\\\/\\\/www.instagram.com\\\/lyygram\\\/\"]}]}<\/script>\n<!-- \/ Yoast SEO plugin. -->","yoast_head_json":{"title":"Ainej\u00e4rjest\u00f6ilta 2019 \/\/ Radio S\u00e4teily - LYY","robots":{"index":"noindex","follow":"follow","max-snippet":"max-snippet:-1","max-image-preview":"max-image-preview:large","max-video-preview":"max-video-preview:-1"},"og_locale":"en_US","og_type":"article","og_title":"Ainej\u00e4rjest\u00f6ilta 2019 \/\/ Radio S\u00e4teily - LYY","og_description":"Radio S\u00e4teily kutsuu ainej\u00e4rjest\u00f6t Ainej\u00e4rjest\u00f6iltaan! Toista kertaa j\u00e4rjestett\u00e4v\u00e4 Ainej\u00e4rjest\u00f6ilta on S\u00e4teilyn asiapitoisin asiaohjelma. Opiskelijaradiossa puhutaan nyt pelk\u00e4st\u00e4\u00e4n opiskelijoiden asioista ainej\u00e4rjest\u00f6jen kanssa. Kolmetuntisessa ohjelmassa p\u00e4\u00e4st\u00e4\u00e4n kuulemaan kaikkien ainej\u00e4rjest\u00f6jen edustajia ja kysyt\u00e4\u00e4n polttavimpia kysymyksi\u00e4. Ainej\u00e4rjest\u00f6illan ajat ja teemat ovat seuraavat: Tiistai 5.11. kello 18-22 \u2013 Ainej\u00e4rjest\u00f6vaikuttaminen, edari Tiistai 12.11. kello 18-22 \u2013 Miksi kannattaa olla ainej\u00e4rjest\u00f6aktiivi? Tiistai ... Read more","og_url":"https:\/\/lyy.iwn.co\/tapahtuma\/ainejarjestoilta-2019-radio-sateily\/2019-11-05\/","og_site_name":"LYY","article_publisher":"https:\/\/www.facebook.com\/lapinyliopistonylioppilaskunta","og_image":[{"width":1920,"height":1080,"url":"https:\/\/lyy.iwn.co\/wp-content\/uploads\/2019\/11\/73082291_2211476285625361_1093361492306165760_o.jpg","type":"image\/jpeg"}],"twitter_card":"summary_large_image","twitter_site":"@lyytweet","schema":{"@context":"https:\/\/schema.org","@graph":[{"@type":"WebPage","@id":"https:\/\/lyy.iwn.co\/tapahtuma\/ainejarjestoilta-2019-radio-sateily\/2019-11-05\/","url":"https:\/\/lyy.iwn.co\/tapahtuma\/ainejarjestoilta-2019-radio-sateily\/2019-11-05\/","name":"Ainej\u00e4rjest\u00f6ilta 2019 \/\/ Radio S\u00e4teily - LYY","isPartOf":{"@id":"https:\/\/lyy.iwn.co\/#website"},"primaryImageOfPage":{"@id":"https:\/\/lyy.iwn.co\/tapahtuma\/ainejarjestoilta-2019-radio-sateily\/2019-11-05\/#primaryimage"},"image":{"@id":"https:\/\/lyy.iwn.co\/tapahtuma\/ainejarjestoilta-2019-radio-sateily\/2019-11-05\/#primaryimage"},"thumbnailUrl":"https:\/\/lyy.iwn.co\/wp-content\/uploads\/2019\/11\/73082291_2211476285625361_1093361492306165760_o.jpg","datePublished":"2019-11-04T11:34:37+00:00","breadcrumb":{"@id":"https:\/\/lyy.iwn.co\/tapahtuma\/ainejarjestoilta-2019-radio-sateily\/2019-11-05\/#breadcrumb"},"inLanguage":"en-US","potentialAction":[{"@type":"ReadAction","target":["https:\/\/lyy.iwn.co\/tapahtuma\/ainejarjestoilta-2019-radio-sateily\/2019-11-05\/"]}]},{"@type":"ImageObject","inLanguage":"en-US","@id":"https:\/\/lyy.iwn.co\/tapahtuma\/ainejarjestoilta-2019-radio-sateily\/2019-11-05\/#primaryimage","url":"https:\/\/lyy.iwn.co\/wp-content\/uploads\/2019\/11\/73082291_2211476285625361_1093361492306165760_o.jpg","contentUrl":"https:\/\/lyy.iwn.co\/wp-content\/uploads\/2019\/11\/73082291_2211476285625361_1093361492306165760_o.jpg","width":1920,"height":1080},{"@type":"BreadcrumbList","@id":"https:\/\/lyy.iwn.co\/tapahtuma\/ainejarjestoilta-2019-radio-sateily\/2019-11-05\/#breadcrumb","itemListElement":[{"@type":"ListItem","position":1,"name":"Home","item":"https:\/\/lyy.iwn.co\/en\/"},{"@type":"ListItem","position":2,"name":"Tapahtumat","item":"https:\/\/lyy.iwn.co\/tapahtumat\/"},{"@type":"ListItem","position":3,"name":"Ainej\u00e4rjest\u00f6ilta 2019 \/\/ Radio S\u00e4teily"}]},{"@type":"WebSite","@id":"https:\/\/lyy.iwn.co\/#website","url":"https:\/\/lyy.iwn.co\/","name":"LYY","description":"Lapin yliopiston ylioppilaskunta","publisher":{"@id":"https:\/\/lyy.iwn.co\/#organization"},"potentialAction":[{"@type":"SearchAction","target":{"@type":"EntryPoint","urlTemplate":"https:\/\/lyy.iwn.co\/?s={search_term_string}"},"query-input":{"@type":"PropertyValueSpecification","valueRequired":true,"valueName":"search_term_string"}}],"inLanguage":"en-US"},{"@type":"Organization","@id":"https:\/\/lyy.iwn.co\/#organization","name":"LYY","url":"https:\/\/lyy.iwn.co\/","logo":{"@type":"ImageObject","inLanguage":"en-US","@id":"https:\/\/lyy.iwn.co\/#\/schema\/logo\/image\/","url":"https:\/\/lyy.iwn.co\/wp-content\/uploads\/2025\/03\/LYY_logo_nelio.jpg","contentUrl":"https:\/\/lyy.iwn.co\/wp-content\/uploads\/2025\/03\/LYY_logo_nelio.jpg","width":225,"height":204,"caption":"LYY"},"image":{"@id":"https:\/\/lyy.iwn.co\/#\/schema\/logo\/image\/"},"sameAs":["https:\/\/www.facebook.com\/lapinyliopistonylioppilaskunta","https:\/\/x.com\/lyytweet","https:\/\/www.instagram.com\/lyygram\/"]}]}},"uagb_featured_image_src":{"full":["https:\/\/lyy.iwn.co\/wp-content\/uploads\/2019\/11\/73082291_2211476285625361_1093361492306165760_o.jpg",1920,1080,false],"thumbnail":["https:\/\/lyy.iwn.co\/wp-content\/uploads\/2019\/11\/73082291_2211476285625361_1093361492306165760_o-150x150.jpg",150,150,true],"medium":["https:\/\/lyy.iwn.co\/wp-content\/uploads\/2019\/11\/73082291_2211476285625361_1093361492306165760_o-300x169.jpg",300,169,true],"medium_large":["https:\/\/lyy.iwn.co\/wp-content\/uploads\/2019\/11\/73082291_2211476285625361_1093361492306165760_o-768x432.jpg",768,432,true],"large":["https:\/\/lyy.iwn.co\/wp-content\/uploads\/2019\/11\/73082291_2211476285625361_1093361492306165760_o-1024x576.jpg",1024,576,true],"1536x1536":["https:\/\/lyy.iwn.co\/wp-content\/uploads\/2019\/11\/73082291_2211476285625361_1093361492306165760_o.jpg",1536,864,false],"2048x2048":["https:\/\/lyy.iwn.co\/wp-content\/uploads\/2019\/11\/73082291_2211476285625361_1093361492306165760_o.jpg",1920,1080,false],"gform-image-choice-sm":["https:\/\/lyy.iwn.co\/wp-content\/uploads\/2019\/11\/73082291_2211476285625361_1093361492306165760_o.jpg",300,169,false],"gform-image-choice-md":["https:\/\/lyy.iwn.co\/wp-content\/uploads\/2019\/11\/73082291_2211476285625361_1093361492306165760_o.jpg",400,225,false],"gform-image-choice-lg":["https:\/\/lyy.iwn.co\/wp-content\/uploads\/2019\/11\/73082291_2211476285625361_1093361492306165760_o.jpg",600,338,false]},"uagb_author_info":{"display_name":"","author_link":"https:\/\/lyy.iwn.co\/en\/author\/"},"uagb_comment_info":0,"uagb_excerpt":"Radio S\u00e4teily kutsuu ainej\u00e4rjest\u00f6t Ainej\u00e4rjest\u00f6iltaan! Toista kertaa j\u00e4rjestett\u00e4v\u00e4 Ainej\u00e4rjest\u00f6ilta on S\u00e4teilyn asiapitoisin asiaohjelma. Opiskelijaradiossa puhutaan nyt pelk\u00e4st\u00e4\u00e4n opiskelijoiden asioista ainej\u00e4rjest\u00f6jen kanssa. Kolmetuntisessa ohjelmassa p\u00e4\u00e4st\u00e4\u00e4n kuulemaan kaikkien ainej\u00e4rjest\u00f6jen edustajia ja kysyt\u00e4\u00e4n polttavimpia kysymyksi\u00e4. Ainej\u00e4rjest\u00f6illan ajat ja teemat ovat seuraavat: Tiistai 5.11. kello 18-22 \u2013 Ainej\u00e4rjest\u00f6vaikuttaminen, edari Tiistai 12.11. kello 18-22 \u2013 Miksi kannattaa olla ainej\u00e4rjest\u00f6aktiivi? Tiistai&hellip;","ticketed":false,"_links":{"self":[{"href":"https:\/\/lyy.iwn.co\/en\/wp-json\/wp\/v2\/tribe_events\/3733","targetHints":{"allow":["GET"]}}],"collection":[{"href":"https:\/\/lyy.iwn.co\/en\/wp-json\/wp\/v2\/tribe_events"}],"about":[{"href":"https:\/\/lyy.iwn.co\/en\/wp-json\/wp\/v2\/types\/tribe_events"}],"version-history":[{"count":0,"href":"https:\/\/lyy.iwn.co\/en\/wp-json\/wp\/v2\/tribe_events\/3733\/revisions"}],"wp:featuredmedia":[{"embeddable":true,"href":"https:\/\/lyy.iwn.co\/en\/wp-json\/wp\/v2\/media\/3737"}],"wp:attachment":[{"href":"https:\/\/lyy.iwn.co\/en\/wp-json\/wp\/v2\/media?parent=3733"}],"wp:term":[{"taxonomy":"post_tag","embeddable":true,"href":"https:\/\/lyy.iwn.co\/en\/wp-json\/wp\/v2\/tags?post=3733"},{"taxonomy":"tribe_events_cat","embeddable":true,"href":"https:\/\/lyy.iwn.co\/en\/wp-json\/wp\/v2\/tribe_events_cat?post=3733"}],"curies":[{"name":"wp","href":"https:\/\/api.w.org\/{rel}","templated":true}]}}